{"id":17992,"date":"2024-01-10T11:00:34","date_gmt":"2024-01-10T10:00:34","guid":{"rendered":"http:\/\/www.nordkurier-mediengruppe.de\/?page_id=17992"},"modified":"2024-01-10T11:34:42","modified_gmt":"2024-01-10T10:34:42","slug":"aktuelle-meldungen","status":"publish","type":"page","link":"https:\/\/www.nordkurier-mediengruppe.de\/en\/aktuelle-meldungen\/","title":{"rendered":"News and updates"},"content":{"rendered":"<div data-elementor-type=\"wp-page\" data-elementor-id=\"17992\" class=\"elementor elementor-17992\" data-elementor-post-type=\"page\">\n\t\t\t\t\t\t<section class=\"elementor-section elementor-top-section elementor-element elementor-element-e4bb3c4 elementor-section-boxed elementor-section-height-default elementor-section-height-default\" data-id=\"e4bb3c4\" data-element_type=\"section\" data-e-type=\"section\">\n\t\t\t\t\t\t<div class=\"elementor-container elementor-column-gap-default\">\n\t\t\t\t\t<div class=\"elementor-column elementor-col-100 elementor-top-column elementor-element elementor-element-f049d44\" data-id=\"f049d44\" data-element_type=\"column\" data-e-type=\"column\">\n\t\t\t<div class=\"elementor-widget-wrap elementor-element-populated\">\n\t\t\t\t\t\t<div class=\"elementor-element elementor-element-827edf8 elementor-widget elementor-widget-spacer\" data-id=\"827edf8\" data-element_type=\"widget\" data-e-type=\"widget\" data-widget_type=\"spacer.default\">\n\t\t\t\t<div class=\"elementor-widget-container\">\n\t\t\t\t\t\t\t<div class=\"elementor-spacer\">\n\t\t\t<div class=\"elementor-spacer-inner\"><\/div>\n\t\t<\/div>\n\t\t\t\t\t\t<\/div>\n\t\t\t\t<\/div>\n\t\t\t\t\t<\/div>\n\t\t<\/div>\n\t\t\t\t\t<\/div>\n\t\t<\/section>\n\t\t\t\t<section class=\"elementor-section elementor-top-section elementor-element elementor-element-7b52145 elementor-section-boxed elementor-section-height-default elementor-section-height-default\" data-id=\"7b52145\" data-element_type=\"section\" data-e-type=\"section\">\n\t\t\t\t\t\t<div class=\"elementor-container elementor-column-gap-default\">\n\t\t\t\t\t<div class=\"elementor-column elementor-col-100 elementor-top-column elementor-element elementor-element-387ce3a\" data-id=\"387ce3a\" data-element_type=\"column\" data-e-type=\"column\">\n\t\t\t<div class=\"elementor-widget-wrap elementor-element-populated\">\n\t\t\t\t\t\t<div class=\"elementor-element elementor-element-e38ad05 elementor-widget elementor-widget-spacer\" data-id=\"e38ad05\" data-element_type=\"widget\" data-e-type=\"widget\" data-widget_type=\"spacer.default\">\n\t\t\t\t<div class=\"elementor-widget-container\">\n\t\t\t\t\t\t\t<div class=\"elementor-spacer\">\n\t\t\t<div class=\"elementor-spacer-inner\"><\/div>\n\t\t<\/div>\n\t\t\t\t\t\t<\/div>\n\t\t\t\t<\/div>\n\t\t\t\t\t<\/div>\n\t\t<\/div>\n\t\t\t\t\t<\/div>\n\t\t<\/section>\n\t\t\t\t<section class=\"elementor-section elementor-top-section elementor-element elementor-element-48b6f65 elementor-section-boxed elementor-section-height-default elementor-section-height-default\" data-id=\"48b6f65\" data-element_type=\"section\" data-e-type=\"section\">\n\t\t\t\t\t\t<div class=\"elementor-container elementor-column-gap-default\">\n\t\t\t\t\t<div class=\"elementor-column elementor-col-100 elementor-top-column elementor-element elementor-element-867b18e\" data-id=\"867b18e\" data-element_type=\"column\" data-e-type=\"column\">\n\t\t\t<div class=\"elementor-widget-wrap elementor-element-populated\">\n\t\t\t\t\t\t<div class=\"elementor-element elementor-element-871c107 elementor-widget-divider--view-line_text elementor-widget-divider--element-align-right elementor-widget elementor-widget-divider\" data-id=\"871c107\" data-element_type=\"widget\" data-e-type=\"widget\" data-widget_type=\"divider.default\">\n\t\t\t\t<div class=\"elementor-widget-container\">\n\t\t\t\t\t\t\t<div class=\"elementor-divider\">\n\t\t\t<span class=\"elementor-divider-separator\">\n\t\t\t\t\t\t\t<span class=\"elementor-divider__text elementor-divider__element\">\n\t\t\t\tNordkurier Mediengruppe as part of the SV Gruppe\t\t\t\t<\/span>\n\t\t\t\t\t\t<\/span>\n\t\t<\/div>\n\t\t\t\t\t\t<\/div>\n\t\t\t\t<\/div>\n\t\t\t\t<div class=\"elementor-element elementor-element-f412f80 elementor-widget elementor-widget-heading\" data-id=\"f412f80\" data-element_type=\"widget\" data-e-type=\"widget\" data-widget_type=\"heading.default\">\n\t\t\t\t<div class=\"elementor-widget-container\">\n\t\t\t\t\t<h2 class=\"elementor-heading-title elementor-size-default\">News<\/h2>\t\t\t\t<\/div>\n\t\t\t\t<\/div>\n\t\t\t\t\t<\/div>\n\t\t<\/div>\n\t\t\t\t\t<\/div>\n\t\t<\/section>\n\t\t\t\t<section class=\"elementor-section elementor-top-section elementor-element elementor-element-284501b elementor-section-boxed elementor-section-height-default elementor-section-height-default\" data-id=\"284501b\" data-element_type=\"section\" data-e-type=\"section\">\n\t\t\t\t\t\t<div class=\"elementor-container elementor-column-gap-default\">\n\t\t\t\t\t<div class=\"elementor-column elementor-col-100 elementor-top-column elementor-element elementor-element-8ff1bd4\" data-id=\"8ff1bd4\" data-element_type=\"column\" data-e-type=\"column\">\n\t\t\t<div class=\"elementor-widget-wrap elementor-element-populated\">\n\t\t\t\t\t\t<div class=\"elementor-element elementor-element-e64a43c elementor-grid-1 elementor-posts--thumbnail-left elementor-hidden-mobile elementor-grid-tablet-2 elementor-grid-mobile-1 elementor-widget elementor-widget-posts\" data-id=\"e64a43c\" data-element_type=\"widget\" data-e-type=\"widget\" data-settings=\"{&quot;classic_columns&quot;:&quot;1&quot;,&quot;classic_row_gap&quot;:{&quot;unit&quot;:&quot;px&quot;,&quot;size&quot;:100,&quot;sizes&quot;:[]},&quot;pagination_type&quot;:&quot;numbers&quot;,&quot;classic_columns_tablet&quot;:&quot;2&quot;,&quot;classic_columns_mobile&quot;:&quot;1&quot;,&quot;classic_row_gap_tablet_extra&quot;:{&quot;unit&quot;:&quot;px&quot;,&quot;size&quot;:&quot;&quot;,&quot;sizes&quot;:[]},&quot;classic_row_gap_tablet&quot;:{&quot;unit&quot;:&quot;px&quot;,&quot;size&quot;:&quot;&quot;,&quot;sizes&quot;:[]},&quot;classic_row_gap_mobile_extra&quot;:{&quot;unit&quot;:&quot;px&quot;,&quot;size&quot;:&quot;&quot;,&quot;sizes&quot;:[]},&quot;classic_row_gap_mobile&quot;:{&quot;unit&quot;:&quot;px&quot;,&quot;size&quot;:&quot;&quot;,&quot;sizes&quot;:[]}}\" data-widget_type=\"posts.classic\">\n\t\t\t\t<div class=\"elementor-widget-container\">\n\t\t\t\t\t\t\t<div class=\"elementor-posts-container elementor-posts elementor-posts--skin-classic elementor-grid\" role=\"list\">\n\t\t\t\t<article class=\"elementor-post elementor-grid-item post-18194 meldungen type-meldungen status-publish has-post-thumbnail hentry\" role=\"listitem\">\n\t\t\t\t<a class=\"elementor-post__thumbnail__link\" href=\"https:\/\/www.nordkurier-mediengruppe.de\/en\/meldungen\/sv-gruppe-strukturiert-redaktionelle-fuehrung-neu\/\" tabindex=\"-1\">\n\t\t\t<div class=\"elementor-post__thumbnail\"><img fetchpriority=\"high\" decoding=\"async\" width=\"692\" height=\"713\" src=\"https:\/\/www.nordkurier-mediengruppe.de\/wp-content\/uploads\/2024\/04\/Digital_sw.jpg\" class=\"attachment-medium_large size-medium_large wp-image-18195\" alt=\"\" srcset=\"https:\/\/www.nordkurier-mediengruppe.de\/wp-content\/uploads\/2024\/04\/Digital_sw.jpg 692w, https:\/\/www.nordkurier-mediengruppe.de\/wp-content\/uploads\/2024\/04\/Digital_sw-291x300.jpg 291w, https:\/\/www.nordkurier-mediengruppe.de\/wp-content\/uploads\/2024\/04\/Digital_sw-12x12.jpg 12w\" sizes=\"(max-width: 692px) 100vw, 692px\" \/><\/div>\n\t\t<\/a>\n\t\t\t\t<div class=\"elementor-post__text\">\n\t\t\t\t<h3 class=\"elementor-post__title\">\n\t\t\t<a href=\"https:\/\/www.nordkurier-mediengruppe.de\/en\/meldungen\/sv-gruppe-strukturiert-redaktionelle-fuehrung-neu\/\">\n\t\t\t\tSV Gruppe strukturiert redaktionelle F\u00fchrung neu\t\t\t<\/a>\n\t\t<\/h3>\n\t\t\t\t<div class=\"elementor-post__meta-data\">\n\t\t\t\t\t<span class=\"elementor-post-date\">\n\t\t\t29. April 2024\t\t<\/span>\n\t\t\t\t<\/div>\n\t\t\t\t<div class=\"elementor-post__excerpt\">\n\t\t\t<p>Ravensburg. Nach der \u00dcbernahme des Zeitungsverlags Schwerin (&#8222;Schweriner Volkszeitung&#8220;) ordnet die SV Gruppe (Ravensburg, Baden-W\u00fcrttemberg) ihre redaktionelle F\u00fchrungsstruktur neu. Die klassische und an einzelne Produkte<\/p>\n\t\t<\/div>\n\t\t\n\t\t<a class=\"elementor-post__read-more\" href=\"https:\/\/www.nordkurier-mediengruppe.de\/en\/meldungen\/sv-gruppe-strukturiert-redaktionelle-fuehrung-neu\/\" aria-label=\"Read more about SV Gruppe strukturiert redaktionelle F\u00fchrung neu\" tabindex=\"-1\">\n\t\t\tWeiterlesen \u00bb\t\t<\/a>\n\n\t\t\t\t<\/div>\n\t\t\t\t<\/article>\n\t\t\t\t<article class=\"elementor-post elementor-grid-item post-18184 meldungen type-meldungen status-publish has-post-thumbnail hentry\" role=\"listitem\">\n\t\t\t\t<a class=\"elementor-post__thumbnail__link\" href=\"https:\/\/www.nordkurier-mediengruppe.de\/en\/meldungen\/svz-und-nnn-erscheinen-ab-sofort-als-publizistische-einheit-mit-dem-nordkurier\/\" tabindex=\"-1\">\n\t\t\t<div class=\"elementor-post__thumbnail\"><img decoding=\"async\" width=\"768\" height=\"610\" src=\"https:\/\/www.nordkurier-mediengruppe.de\/wp-content\/uploads\/2024\/04\/5735da58-b26b-41cd-adda-5b08ceaac919-768x610.png\" class=\"attachment-medium_large size-medium_large wp-image-18186\" alt=\"\" srcset=\"https:\/\/www.nordkurier-mediengruppe.de\/wp-content\/uploads\/2024\/04\/5735da58-b26b-41cd-adda-5b08ceaac919-768x610.png 768w, https:\/\/www.nordkurier-mediengruppe.de\/wp-content\/uploads\/2024\/04\/5735da58-b26b-41cd-adda-5b08ceaac919-300x238.png 300w, https:\/\/www.nordkurier-mediengruppe.de\/wp-content\/uploads\/2024\/04\/5735da58-b26b-41cd-adda-5b08ceaac919-1024x813.png 1024w, https:\/\/www.nordkurier-mediengruppe.de\/wp-content\/uploads\/2024\/04\/5735da58-b26b-41cd-adda-5b08ceaac919-1536x1220.png 1536w, https:\/\/www.nordkurier-mediengruppe.de\/wp-content\/uploads\/2024\/04\/5735da58-b26b-41cd-adda-5b08ceaac919-2048x1627.png 2048w, https:\/\/www.nordkurier-mediengruppe.de\/wp-content\/uploads\/2024\/04\/5735da58-b26b-41cd-adda-5b08ceaac919-15x12.png 15w\" sizes=\"(max-width: 768px) 100vw, 768px\" \/><\/div>\n\t\t<\/a>\n\t\t\t\t<div class=\"elementor-post__text\">\n\t\t\t\t<h3 class=\"elementor-post__title\">\n\t\t\t<a href=\"https:\/\/www.nordkurier-mediengruppe.de\/en\/meldungen\/svz-und-nnn-erscheinen-ab-sofort-als-publizistische-einheit-mit-dem-nordkurier\/\">\n\t\t\t\tSVZ und NNN erscheinen ab sofort als publizistische Einheit mit dem Nordkurier\t\t\t<\/a>\n\t\t<\/h3>\n\t\t\t\t<div class=\"elementor-post__meta-data\">\n\t\t\t\t\t<span class=\"elementor-post-date\">\n\t\t\t9. April 2024\t\t<\/span>\n\t\t\t\t<\/div>\n\t\t\t\t<div class=\"elementor-post__excerpt\">\n\t\t\t<p>Rund drei Monate nach der \u00dcbernahme des Zeitungsverlags Schwerin durch die SV Gruppe erscheinen seit diesem Montag die Schweriner Volkszeitung und die Norddeutschen Neuesten Nachrichten<\/p>\n\t\t<\/div>\n\t\t\n\t\t<a class=\"elementor-post__read-more\" href=\"https:\/\/www.nordkurier-mediengruppe.de\/en\/meldungen\/svz-und-nnn-erscheinen-ab-sofort-als-publizistische-einheit-mit-dem-nordkurier\/\" aria-label=\"Read more about SVZ und NNN erscheinen ab sofort als publizistische Einheit mit dem Nordkurier\" tabindex=\"-1\">\n\t\t\tWeiterlesen \u00bb\t\t<\/a>\n\n\t\t\t\t<\/div>\n\t\t\t\t<\/article>\n\t\t\t\t<article class=\"elementor-post elementor-grid-item post-18070 meldungen type-meldungen status-publish has-post-thumbnail hentry\" role=\"listitem\">\n\t\t\t\t<a class=\"elementor-post__thumbnail__link\" href=\"https:\/\/www.nordkurier-mediengruppe.de\/en\/meldungen\/bundeskartellamt-genehmigt-uebernahme-des-zeitungsverlages-schwerin\/\" tabindex=\"-1\">\n\t\t\t<div class=\"elementor-post__thumbnail\"><img decoding=\"async\" width=\"768\" height=\"468\" src=\"https:\/\/www.nordkurier-mediengruppe.de\/wp-content\/uploads\/2024\/01\/Medienhaus-768x468.jpg\" class=\"attachment-medium_large size-medium_large wp-image-18071\" alt=\"\" srcset=\"https:\/\/www.nordkurier-mediengruppe.de\/wp-content\/uploads\/2024\/01\/Medienhaus-768x468.jpg 768w, https:\/\/www.nordkurier-mediengruppe.de\/wp-content\/uploads\/2024\/01\/Medienhaus-300x183.jpg 300w, https:\/\/www.nordkurier-mediengruppe.de\/wp-content\/uploads\/2024\/01\/Medienhaus-1024x625.jpg 1024w, https:\/\/www.nordkurier-mediengruppe.de\/wp-content\/uploads\/2024\/01\/Medienhaus-1536x937.jpg 1536w, https:\/\/www.nordkurier-mediengruppe.de\/wp-content\/uploads\/2024\/01\/Medienhaus-18x12.jpg 18w, https:\/\/www.nordkurier-mediengruppe.de\/wp-content\/uploads\/2024\/01\/Medienhaus.jpg 2007w\" sizes=\"(max-width: 768px) 100vw, 768px\" \/><\/div>\n\t\t<\/a>\n\t\t\t\t<div class=\"elementor-post__text\">\n\t\t\t\t<h3 class=\"elementor-post__title\">\n\t\t\t<a href=\"https:\/\/www.nordkurier-mediengruppe.de\/en\/meldungen\/bundeskartellamt-genehmigt-uebernahme-des-zeitungsverlages-schwerin\/\">\n\t\t\t\tBundeskartellamt genehmigt \u00dcbernahme des Zeitungsverlages Schwerin\t\t\t<\/a>\n\t\t<\/h3>\n\t\t\t\t<div class=\"elementor-post__meta-data\">\n\t\t\t\t\t<span class=\"elementor-post-date\">\n\t\t\t23. January 2024\t\t<\/span>\n\t\t\t\t<\/div>\n\t\t\t\t<div class=\"elementor-post__excerpt\">\n\t\t\t<p>\u25cf Das Bundeskartellamt hat dem Erwerb der Schweriner Volkszeitung und der Norddeutschen Neuesten Nachrichten in Rostock durch die SV Gruppe (Schw\u00e4bischer Verlag) zugestimmt. Ravensburg, 23.<\/p>\n\t\t<\/div>\n\t\t\n\t\t<a class=\"elementor-post__read-more\" href=\"https:\/\/www.nordkurier-mediengruppe.de\/en\/meldungen\/bundeskartellamt-genehmigt-uebernahme-des-zeitungsverlages-schwerin\/\" aria-label=\"Read more about Bundeskartellamt genehmigt \u00dcbernahme des Zeitungsverlages Schwerin\" tabindex=\"-1\">\n\t\t\tWeiterlesen \u00bb\t\t<\/a>\n\n\t\t\t\t<\/div>\n\t\t\t\t<\/article>\n\t\t\t\t<article class=\"elementor-post elementor-grid-item post-17958 meldungen type-meldungen status-publish has-post-thumbnail hentry\" role=\"listitem\">\n\t\t\t\t<a class=\"elementor-post__thumbnail__link\" href=\"https:\/\/www.nordkurier-mediengruppe.de\/en\/meldungen\/konsolidierung-am-zeitungsmarkt-in-mecklenburg-vorpommern\/\" tabindex=\"-1\">\n\t\t\t<div class=\"elementor-post__thumbnail\"><img loading=\"lazy\" decoding=\"async\" width=\"768\" height=\"432\" src=\"https:\/\/www.nordkurier-mediengruppe.de\/wp-content\/uploads\/2024\/01\/Ravensburg-768x432.png\" class=\"attachment-medium_large size-medium_large wp-image-17959\" alt=\"\" srcset=\"https:\/\/www.nordkurier-mediengruppe.de\/wp-content\/uploads\/2024\/01\/Ravensburg-768x432.png 768w, https:\/\/www.nordkurier-mediengruppe.de\/wp-content\/uploads\/2024\/01\/Ravensburg-300x169.png 300w, https:\/\/www.nordkurier-mediengruppe.de\/wp-content\/uploads\/2024\/01\/Ravensburg-18x10.png 18w, https:\/\/www.nordkurier-mediengruppe.de\/wp-content\/uploads\/2024\/01\/Ravensburg.png 1000w\" sizes=\"(max-width: 768px) 100vw, 768px\" \/><\/div>\n\t\t<\/a>\n\t\t\t\t<div class=\"elementor-post__text\">\n\t\t\t\t<h3 class=\"elementor-post__title\">\n\t\t\t<a href=\"https:\/\/www.nordkurier-mediengruppe.de\/en\/meldungen\/konsolidierung-am-zeitungsmarkt-in-mecklenburg-vorpommern\/\">\n\t\t\t\tKonsolidierung am Zeitungsmarkt in Mecklenburg-Vorpommern\t\t\t<\/a>\n\t\t<\/h3>\n\t\t\t\t<div class=\"elementor-post__meta-data\">\n\t\t\t\t\t<span class=\"elementor-post-date\">\n\t\t\t9. January 2024\t\t<\/span>\n\t\t\t\t<\/div>\n\t\t\t\t<div class=\"elementor-post__excerpt\">\n\t\t\t<p>\u25cf\u00a0SV Gruppe (Schw\u00e4bischer Verlag) erwirbt unter Vorbehalt der Zustimmung des Bundeskartellamtes die Schweriner Volkszeitung, die Norddeutschen Neuesten Nachrichten sowie Nordbrief Schwerin in Mecklenburg-Vorpommern. \u25cf Mediengruppe<\/p>\n\t\t<\/div>\n\t\t\n\t\t<a class=\"elementor-post__read-more\" href=\"https:\/\/www.nordkurier-mediengruppe.de\/en\/meldungen\/konsolidierung-am-zeitungsmarkt-in-mecklenburg-vorpommern\/\" aria-label=\"Read more about Konsolidierung am Zeitungsmarkt in Mecklenburg-Vorpommern\" tabindex=\"-1\">\n\t\t\tWeiterlesen \u00bb\t\t<\/a>\n\n\t\t\t\t<\/div>\n\t\t\t\t<\/article>\n\t\t\t\t<article class=\"elementor-post elementor-grid-item post-17902 meldungen type-meldungen status-publish has-post-thumbnail hentry\" role=\"listitem\">\n\t\t\t\t<a class=\"elementor-post__thumbnail__link\" href=\"https:\/\/www.nordkurier-mediengruppe.de\/en\/meldungen\/zeitzeugen-berichten-ueber-die-zeit-zwischen-krieg-und-frieden\/\" tabindex=\"-1\">\n\t\t\t<div class=\"elementor-post__thumbnail\"><img loading=\"lazy\" decoding=\"async\" width=\"768\" height=\"996\" src=\"https:\/\/www.nordkurier-mediengruppe.de\/wp-content\/uploads\/2023\/10\/1945_Teil_08_Cover-768x996.png\" class=\"attachment-medium_large size-medium_large wp-image-17903\" alt=\"\" srcset=\"https:\/\/www.nordkurier-mediengruppe.de\/wp-content\/uploads\/2023\/10\/1945_Teil_08_Cover-768x996.png 768w, https:\/\/www.nordkurier-mediengruppe.de\/wp-content\/uploads\/2023\/10\/1945_Teil_08_Cover-231x300.png 231w, https:\/\/www.nordkurier-mediengruppe.de\/wp-content\/uploads\/2023\/10\/1945_Teil_08_Cover-789x1024.png 789w, https:\/\/www.nordkurier-mediengruppe.de\/wp-content\/uploads\/2023\/10\/1945_Teil_08_Cover-1184x1536.png 1184w, https:\/\/www.nordkurier-mediengruppe.de\/wp-content\/uploads\/2023\/10\/1945_Teil_08_Cover-1579x2048.png 1579w, https:\/\/www.nordkurier-mediengruppe.de\/wp-content\/uploads\/2023\/10\/1945_Teil_08_Cover-9x12.png 9w\" sizes=\"(max-width: 768px) 100vw, 768px\" \/><\/div>\n\t\t<\/a>\n\t\t\t\t<div class=\"elementor-post__text\">\n\t\t\t\t<h3 class=\"elementor-post__title\">\n\t\t\t<a href=\"https:\/\/www.nordkurier-mediengruppe.de\/en\/meldungen\/zeitzeugen-berichten-ueber-die-zeit-zwischen-krieg-und-frieden\/\">\n\t\t\t\tZeitzeugen berichten \u00fcber die Zeit \u201eZwischen Krieg und Frieden\u201c\t\t\t<\/a>\n\t\t<\/h3>\n\t\t\t\t<div class=\"elementor-post__meta-data\">\n\t\t\t\t\t<span class=\"elementor-post-date\">\n\t\t\t20. October 2023\t\t<\/span>\n\t\t\t\t<\/div>\n\t\t\t\t<div class=\"elementor-post__excerpt\">\n\t\t\t<p>Es ist kein Zufall, dass das Cover des Bandes eine Familie auf der Flucht im Jahr 1945 zeigt. Kamen Fl\u00fcchtlinge und Vertriebene in Deutschland an,<\/p>\n\t\t<\/div>\n\t\t\n\t\t<a class=\"elementor-post__read-more\" href=\"https:\/\/www.nordkurier-mediengruppe.de\/en\/meldungen\/zeitzeugen-berichten-ueber-die-zeit-zwischen-krieg-und-frieden\/\" aria-label=\"Read more about Zeitzeugen berichten \u00fcber die Zeit \u201eZwischen Krieg und Frieden\u201c\" tabindex=\"-1\">\n\t\t\tWeiterlesen \u00bb\t\t<\/a>\n\n\t\t\t\t<\/div>\n\t\t\t\t<\/article>\n\t\t\t\t<article class=\"elementor-post elementor-grid-item post-17831 meldungen type-meldungen status-publish has-post-thumbnail hentry\" role=\"listitem\">\n\t\t\t\t<a class=\"elementor-post__thumbnail__link\" href=\"https:\/\/www.nordkurier-mediengruppe.de\/en\/meldungen\/sv-gruppe-verstaerkt-bewegtbildengagement\/\" tabindex=\"-1\">\n\t\t\t<div class=\"elementor-post__thumbnail\"><img loading=\"lazy\" decoding=\"async\" width=\"768\" height=\"547\" src=\"https:\/\/www.nordkurier-mediengruppe.de\/wp-content\/uploads\/2023\/08\/Christiane-Unruh_Foto-privat-768x547.jpg\" class=\"attachment-medium_large size-medium_large wp-image-17832\" alt=\"\" srcset=\"https:\/\/www.nordkurier-mediengruppe.de\/wp-content\/uploads\/2023\/08\/Christiane-Unruh_Foto-privat-768x547.jpg 768w, https:\/\/www.nordkurier-mediengruppe.de\/wp-content\/uploads\/2023\/08\/Christiane-Unruh_Foto-privat-300x214.jpg 300w, https:\/\/www.nordkurier-mediengruppe.de\/wp-content\/uploads\/2023\/08\/Christiane-Unruh_Foto-privat-1024x730.jpg 1024w, https:\/\/www.nordkurier-mediengruppe.de\/wp-content\/uploads\/2023\/08\/Christiane-Unruh_Foto-privat-1536x1095.jpg 1536w, https:\/\/www.nordkurier-mediengruppe.de\/wp-content\/uploads\/2023\/08\/Christiane-Unruh_Foto-privat-2048x1460.jpg 2048w, https:\/\/www.nordkurier-mediengruppe.de\/wp-content\/uploads\/2023\/08\/Christiane-Unruh_Foto-privat-18x12.jpg 18w\" sizes=\"(max-width: 768px) 100vw, 768px\" \/><\/div>\n\t\t<\/a>\n\t\t\t\t<div class=\"elementor-post__text\">\n\t\t\t\t<h3 class=\"elementor-post__title\">\n\t\t\t<a href=\"https:\/\/www.nordkurier-mediengruppe.de\/en\/meldungen\/sv-gruppe-verstaerkt-bewegtbildengagement\/\">\n\t\t\t\tSV Gruppe verst\u00e4rkt Bewegtbildengagement\t\t\t<\/a>\n\t\t<\/h3>\n\t\t\t\t<div class=\"elementor-post__meta-data\">\n\t\t\t\t\t<span class=\"elementor-post-date\">\n\t\t\t31. August 2023\t\t<\/span>\n\t\t\t\t<\/div>\n\t\t\t\t<div class=\"elementor-post__excerpt\">\n\t\t\t<p>Die SV Gruppe \u2013 Schw\u00e4bischer Verlag GmbH &amp; Co. KG Drexler, Gessler \u2013 plant eine strategische Neuausrichtung ihres Bewegtbildbereichs und verst\u00e4rkt daher ab dem 1.<\/p>\n\t\t<\/div>\n\t\t\n\t\t<a class=\"elementor-post__read-more\" href=\"https:\/\/www.nordkurier-mediengruppe.de\/en\/meldungen\/sv-gruppe-verstaerkt-bewegtbildengagement\/\" aria-label=\"Read more about SV Gruppe verst\u00e4rkt Bewegtbildengagement\" tabindex=\"-1\">\n\t\t\tWeiterlesen \u00bb\t\t<\/a>\n\n\t\t\t\t<\/div>\n\t\t\t\t<\/article>\n\t\t\t\t<\/div>\n\t\t\n\t\t\t\t<div class=\"e-load-more-anchor\" data-page=\"1\" data-max-page=\"34\" data-next-page=\"https:\/\/www.nordkurier-mediengruppe.de\/en\/wp-json\/wp\/v2\/pages\/17992\/page\/2\/\"><\/div>\n\t\t\t\t<nav class=\"elementor-pagination\" aria-label=\"Pagination\">\n\t\t\t<span aria-current=\"page\" class=\"page-numbers current\"><span class=\"elementor-screen-only\">Page<\/span>1<\/span>\n<a class=\"page-numbers\" href=\"https:\/\/www.nordkurier-mediengruppe.de\/en\/wp-json\/wp\/v2\/pages\/17992\/page\/2\/\"><span class=\"elementor-screen-only\">Page<\/span>2<\/a>\n<a class=\"page-numbers\" href=\"https:\/\/www.nordkurier-mediengruppe.de\/en\/wp-json\/wp\/v2\/pages\/17992\/page\/3\/\"><span class=\"elementor-screen-only\">Page<\/span>3<\/a>\n<a class=\"page-numbers\" href=\"https:\/\/www.nordkurier-mediengruppe.de\/en\/wp-json\/wp\/v2\/pages\/17992\/page\/4\/\"><span class=\"elementor-screen-only\">Page<\/span>4<\/a>\n<a class=\"page-numbers\" href=\"https:\/\/www.nordkurier-mediengruppe.de\/en\/wp-json\/wp\/v2\/pages\/17992\/page\/5\/\"><span class=\"elementor-screen-only\">Page<\/span>5<\/a>\t\t<\/nav>\n\t\t\t\t\t\t<\/div>\n\t\t\t\t<\/div>\n\t\t\t\t<div class=\"elementor-element elementor-element-56a2cd6 elementor-grid-1 elementor-hidden-desktop elementor-hidden-tablet_extra elementor-hidden-tablet elementor-hidden-mobile_extra elementor-grid-tablet-2 elementor-grid-mobile-1 elementor-posts--thumbnail-top elementor-widget elementor-widget-posts\" data-id=\"56a2cd6\" data-element_type=\"widget\" data-e-type=\"widget\" data-settings=\"{&quot;classic_columns&quot;:&quot;1&quot;,&quot;classic_row_gap&quot;:{&quot;unit&quot;:&quot;px&quot;,&quot;size&quot;:100,&quot;sizes&quot;:[]},&quot;pagination_type&quot;:&quot;numbers&quot;,&quot;classic_columns_tablet&quot;:&quot;2&quot;,&quot;classic_columns_mobile&quot;:&quot;1&quot;,&quot;classic_row_gap_tablet_extra&quot;:{&quot;unit&quot;:&quot;px&quot;,&quot;size&quot;:&quot;&quot;,&quot;sizes&quot;:[]},&quot;classic_row_gap_tablet&quot;:{&quot;unit&quot;:&quot;px&quot;,&quot;size&quot;:&quot;&quot;,&quot;sizes&quot;:[]},&quot;classic_row_gap_mobile_extra&quot;:{&quot;unit&quot;:&quot;px&quot;,&quot;size&quot;:&quot;&quot;,&quot;sizes&quot;:[]},&quot;classic_row_gap_mobile&quot;:{&quot;unit&quot;:&quot;px&quot;,&quot;size&quot;:&quot;&quot;,&quot;sizes&quot;:[]}}\" data-widget_type=\"posts.classic\">\n\t\t\t\t<div class=\"elementor-widget-container\">\n\t\t\t\t\t\t\t<div class=\"elementor-posts-container elementor-posts elementor-posts--skin-classic elementor-grid\" role=\"list\">\n\t\t\t\t<article class=\"elementor-post elementor-grid-item post-18194 meldungen type-meldungen status-publish has-post-thumbnail hentry\" role=\"listitem\">\n\t\t\t\t<a class=\"elementor-post__thumbnail__link\" href=\"https:\/\/www.nordkurier-mediengruppe.de\/en\/meldungen\/sv-gruppe-strukturiert-redaktionelle-fuehrung-neu\/\" tabindex=\"-1\">\n\t\t\t<div class=\"elementor-post__thumbnail\"><img fetchpriority=\"high\" decoding=\"async\" width=\"692\" height=\"713\" src=\"https:\/\/www.nordkurier-mediengruppe.de\/wp-content\/uploads\/2024\/04\/Digital_sw.jpg\" class=\"attachment-medium_large size-medium_large wp-image-18195\" alt=\"\" srcset=\"https:\/\/www.nordkurier-mediengruppe.de\/wp-content\/uploads\/2024\/04\/Digital_sw.jpg 692w, https:\/\/www.nordkurier-mediengruppe.de\/wp-content\/uploads\/2024\/04\/Digital_sw-291x300.jpg 291w, https:\/\/www.nordkurier-mediengruppe.de\/wp-content\/uploads\/2024\/04\/Digital_sw-12x12.jpg 12w\" sizes=\"(max-width: 692px) 100vw, 692px\" \/><\/div>\n\t\t<\/a>\n\t\t\t\t<div class=\"elementor-post__text\">\n\t\t\t\t<h3 class=\"elementor-post__title\">\n\t\t\t<a href=\"https:\/\/www.nordkurier-mediengruppe.de\/en\/meldungen\/sv-gruppe-strukturiert-redaktionelle-fuehrung-neu\/\">\n\t\t\t\tSV Gruppe strukturiert redaktionelle F\u00fchrung neu\t\t\t<\/a>\n\t\t<\/h3>\n\t\t\t\t<div class=\"elementor-post__meta-data\">\n\t\t\t\t\t<span class=\"elementor-post-date\">\n\t\t\t29. April 2024\t\t<\/span>\n\t\t\t\t<\/div>\n\t\t\t\t<div class=\"elementor-post__excerpt\">\n\t\t\t<p>Ravensburg. Nach der \u00dcbernahme des Zeitungsverlags Schwerin (&#8222;Schweriner Volkszeitung&#8220;) ordnet die SV Gruppe (Ravensburg, Baden-W\u00fcrttemberg) ihre redaktionelle F\u00fchrungsstruktur neu. Die klassische und an einzelne Produkte<\/p>\n\t\t<\/div>\n\t\t\n\t\t<a class=\"elementor-post__read-more\" href=\"https:\/\/www.nordkurier-mediengruppe.de\/en\/meldungen\/sv-gruppe-strukturiert-redaktionelle-fuehrung-neu\/\" aria-label=\"Read more about SV Gruppe strukturiert redaktionelle F\u00fchrung neu\" tabindex=\"-1\">\n\t\t\tWeiterlesen \u00bb\t\t<\/a>\n\n\t\t\t\t<\/div>\n\t\t\t\t<\/article>\n\t\t\t\t<article class=\"elementor-post elementor-grid-item post-18184 meldungen type-meldungen status-publish has-post-thumbnail hentry\" role=\"listitem\">\n\t\t\t\t<a class=\"elementor-post__thumbnail__link\" href=\"https:\/\/www.nordkurier-mediengruppe.de\/en\/meldungen\/svz-und-nnn-erscheinen-ab-sofort-als-publizistische-einheit-mit-dem-nordkurier\/\" tabindex=\"-1\">\n\t\t\t<div class=\"elementor-post__thumbnail\"><img decoding=\"async\" width=\"768\" height=\"610\" src=\"https:\/\/www.nordkurier-mediengruppe.de\/wp-content\/uploads\/2024\/04\/5735da58-b26b-41cd-adda-5b08ceaac919-768x610.png\" class=\"attachment-medium_large size-medium_large wp-image-18186\" alt=\"\" srcset=\"https:\/\/www.nordkurier-mediengruppe.de\/wp-content\/uploads\/2024\/04\/5735da58-b26b-41cd-adda-5b08ceaac919-768x610.png 768w, https:\/\/www.nordkurier-mediengruppe.de\/wp-content\/uploads\/2024\/04\/5735da58-b26b-41cd-adda-5b08ceaac919-300x238.png 300w, https:\/\/www.nordkurier-mediengruppe.de\/wp-content\/uploads\/2024\/04\/5735da58-b26b-41cd-adda-5b08ceaac919-1024x813.png 1024w, https:\/\/www.nordkurier-mediengruppe.de\/wp-content\/uploads\/2024\/04\/5735da58-b26b-41cd-adda-5b08ceaac919-1536x1220.png 1536w, https:\/\/www.nordkurier-mediengruppe.de\/wp-content\/uploads\/2024\/04\/5735da58-b26b-41cd-adda-5b08ceaac919-2048x1627.png 2048w, https:\/\/www.nordkurier-mediengruppe.de\/wp-content\/uploads\/2024\/04\/5735da58-b26b-41cd-adda-5b08ceaac919-15x12.png 15w\" sizes=\"(max-width: 768px) 100vw, 768px\" \/><\/div>\n\t\t<\/a>\n\t\t\t\t<div class=\"elementor-post__text\">\n\t\t\t\t<h3 class=\"elementor-post__title\">\n\t\t\t<a href=\"https:\/\/www.nordkurier-mediengruppe.de\/en\/meldungen\/svz-und-nnn-erscheinen-ab-sofort-als-publizistische-einheit-mit-dem-nordkurier\/\">\n\t\t\t\tSVZ und NNN erscheinen ab sofort als publizistische Einheit mit dem Nordkurier\t\t\t<\/a>\n\t\t<\/h3>\n\t\t\t\t<div class=\"elementor-post__meta-data\">\n\t\t\t\t\t<span class=\"elementor-post-date\">\n\t\t\t9. April 2024\t\t<\/span>\n\t\t\t\t<\/div>\n\t\t\t\t<div class=\"elementor-post__excerpt\">\n\t\t\t<p>Rund drei Monate nach der \u00dcbernahme des Zeitungsverlags Schwerin durch die SV Gruppe erscheinen seit diesem Montag die Schweriner Volkszeitung und die Norddeutschen Neuesten Nachrichten<\/p>\n\t\t<\/div>\n\t\t\n\t\t<a class=\"elementor-post__read-more\" href=\"https:\/\/www.nordkurier-mediengruppe.de\/en\/meldungen\/svz-und-nnn-erscheinen-ab-sofort-als-publizistische-einheit-mit-dem-nordkurier\/\" aria-label=\"Read more about SVZ und NNN erscheinen ab sofort als publizistische Einheit mit dem Nordkurier\" tabindex=\"-1\">\n\t\t\tWeiterlesen \u00bb\t\t<\/a>\n\n\t\t\t\t<\/div>\n\t\t\t\t<\/article>\n\t\t\t\t<article class=\"elementor-post elementor-grid-item post-18070 meldungen type-meldungen status-publish has-post-thumbnail hentry\" role=\"listitem\">\n\t\t\t\t<a class=\"elementor-post__thumbnail__link\" href=\"https:\/\/www.nordkurier-mediengruppe.de\/en\/meldungen\/bundeskartellamt-genehmigt-uebernahme-des-zeitungsverlages-schwerin\/\" tabindex=\"-1\">\n\t\t\t<div class=\"elementor-post__thumbnail\"><img decoding=\"async\" width=\"768\" height=\"468\" src=\"https:\/\/www.nordkurier-mediengruppe.de\/wp-content\/uploads\/2024\/01\/Medienhaus-768x468.jpg\" class=\"attachment-medium_large size-medium_large wp-image-18071\" alt=\"\" srcset=\"https:\/\/www.nordkurier-mediengruppe.de\/wp-content\/uploads\/2024\/01\/Medienhaus-768x468.jpg 768w, https:\/\/www.nordkurier-mediengruppe.de\/wp-content\/uploads\/2024\/01\/Medienhaus-300x183.jpg 300w, https:\/\/www.nordkurier-mediengruppe.de\/wp-content\/uploads\/2024\/01\/Medienhaus-1024x625.jpg 1024w, https:\/\/www.nordkurier-mediengruppe.de\/wp-content\/uploads\/2024\/01\/Medienhaus-1536x937.jpg 1536w, https:\/\/www.nordkurier-mediengruppe.de\/wp-content\/uploads\/2024\/01\/Medienhaus-18x12.jpg 18w, https:\/\/www.nordkurier-mediengruppe.de\/wp-content\/uploads\/2024\/01\/Medienhaus.jpg 2007w\" sizes=\"(max-width: 768px) 100vw, 768px\" \/><\/div>\n\t\t<\/a>\n\t\t\t\t<div class=\"elementor-post__text\">\n\t\t\t\t<h3 class=\"elementor-post__title\">\n\t\t\t<a href=\"https:\/\/www.nordkurier-mediengruppe.de\/en\/meldungen\/bundeskartellamt-genehmigt-uebernahme-des-zeitungsverlages-schwerin\/\">\n\t\t\t\tBundeskartellamt genehmigt \u00dcbernahme des Zeitungsverlages Schwerin\t\t\t<\/a>\n\t\t<\/h3>\n\t\t\t\t<div class=\"elementor-post__meta-data\">\n\t\t\t\t\t<span class=\"elementor-post-date\">\n\t\t\t23. January 2024\t\t<\/span>\n\t\t\t\t<\/div>\n\t\t\t\t<div class=\"elementor-post__excerpt\">\n\t\t\t<p>\u25cf Das Bundeskartellamt hat dem Erwerb der Schweriner Volkszeitung und der Norddeutschen Neuesten Nachrichten in Rostock durch die SV Gruppe (Schw\u00e4bischer Verlag) zugestimmt. Ravensburg, 23.<\/p>\n\t\t<\/div>\n\t\t\n\t\t<a class=\"elementor-post__read-more\" href=\"https:\/\/www.nordkurier-mediengruppe.de\/en\/meldungen\/bundeskartellamt-genehmigt-uebernahme-des-zeitungsverlages-schwerin\/\" aria-label=\"Read more about Bundeskartellamt genehmigt \u00dcbernahme des Zeitungsverlages Schwerin\" tabindex=\"-1\">\n\t\t\tWeiterlesen \u00bb\t\t<\/a>\n\n\t\t\t\t<\/div>\n\t\t\t\t<\/article>\n\t\t\t\t<article class=\"elementor-post elementor-grid-item post-17958 meldungen type-meldungen status-publish has-post-thumbnail hentry\" role=\"listitem\">\n\t\t\t\t<a class=\"elementor-post__thumbnail__link\" href=\"https:\/\/www.nordkurier-mediengruppe.de\/en\/meldungen\/konsolidierung-am-zeitungsmarkt-in-mecklenburg-vorpommern\/\" tabindex=\"-1\">\n\t\t\t<div class=\"elementor-post__thumbnail\"><img loading=\"lazy\" decoding=\"async\" width=\"768\" height=\"432\" src=\"https:\/\/www.nordkurier-mediengruppe.de\/wp-content\/uploads\/2024\/01\/Ravensburg-768x432.png\" class=\"attachment-medium_large size-medium_large wp-image-17959\" alt=\"\" srcset=\"https:\/\/www.nordkurier-mediengruppe.de\/wp-content\/uploads\/2024\/01\/Ravensburg-768x432.png 768w, https:\/\/www.nordkurier-mediengruppe.de\/wp-content\/uploads\/2024\/01\/Ravensburg-300x169.png 300w, https:\/\/www.nordkurier-mediengruppe.de\/wp-content\/uploads\/2024\/01\/Ravensburg-18x10.png 18w, https:\/\/www.nordkurier-mediengruppe.de\/wp-content\/uploads\/2024\/01\/Ravensburg.png 1000w\" sizes=\"(max-width: 768px) 100vw, 768px\" \/><\/div>\n\t\t<\/a>\n\t\t\t\t<div class=\"elementor-post__text\">\n\t\t\t\t<h3 class=\"elementor-post__title\">\n\t\t\t<a href=\"https:\/\/www.nordkurier-mediengruppe.de\/en\/meldungen\/konsolidierung-am-zeitungsmarkt-in-mecklenburg-vorpommern\/\">\n\t\t\t\tKonsolidierung am Zeitungsmarkt in Mecklenburg-Vorpommern\t\t\t<\/a>\n\t\t<\/h3>\n\t\t\t\t<div class=\"elementor-post__meta-data\">\n\t\t\t\t\t<span class=\"elementor-post-date\">\n\t\t\t9. January 2024\t\t<\/span>\n\t\t\t\t<\/div>\n\t\t\t\t<div class=\"elementor-post__excerpt\">\n\t\t\t<p>\u25cf\u00a0SV Gruppe (Schw\u00e4bischer Verlag) erwirbt unter Vorbehalt der Zustimmung des Bundeskartellamtes die Schweriner Volkszeitung, die Norddeutschen Neuesten Nachrichten sowie Nordbrief Schwerin in Mecklenburg-Vorpommern. \u25cf Mediengruppe<\/p>\n\t\t<\/div>\n\t\t\n\t\t<a class=\"elementor-post__read-more\" href=\"https:\/\/www.nordkurier-mediengruppe.de\/en\/meldungen\/konsolidierung-am-zeitungsmarkt-in-mecklenburg-vorpommern\/\" aria-label=\"Read more about Konsolidierung am Zeitungsmarkt in Mecklenburg-Vorpommern\" tabindex=\"-1\">\n\t\t\tWeiterlesen \u00bb\t\t<\/a>\n\n\t\t\t\t<\/div>\n\t\t\t\t<\/article>\n\t\t\t\t<article class=\"elementor-post elementor-grid-item post-17902 meldungen type-meldungen status-publish has-post-thumbnail hentry\" role=\"listitem\">\n\t\t\t\t<a class=\"elementor-post__thumbnail__link\" href=\"https:\/\/www.nordkurier-mediengruppe.de\/en\/meldungen\/zeitzeugen-berichten-ueber-die-zeit-zwischen-krieg-und-frieden\/\" tabindex=\"-1\">\n\t\t\t<div class=\"elementor-post__thumbnail\"><img loading=\"lazy\" decoding=\"async\" width=\"768\" height=\"996\" src=\"https:\/\/www.nordkurier-mediengruppe.de\/wp-content\/uploads\/2023\/10\/1945_Teil_08_Cover-768x996.png\" class=\"attachment-medium_large size-medium_large wp-image-17903\" alt=\"\" srcset=\"https:\/\/www.nordkurier-mediengruppe.de\/wp-content\/uploads\/2023\/10\/1945_Teil_08_Cover-768x996.png 768w, https:\/\/www.nordkurier-mediengruppe.de\/wp-content\/uploads\/2023\/10\/1945_Teil_08_Cover-231x300.png 231w, https:\/\/www.nordkurier-mediengruppe.de\/wp-content\/uploads\/2023\/10\/1945_Teil_08_Cover-789x1024.png 789w, https:\/\/www.nordkurier-mediengruppe.de\/wp-content\/uploads\/2023\/10\/1945_Teil_08_Cover-1184x1536.png 1184w, https:\/\/www.nordkurier-mediengruppe.de\/wp-content\/uploads\/2023\/10\/1945_Teil_08_Cover-1579x2048.png 1579w, https:\/\/www.nordkurier-mediengruppe.de\/wp-content\/uploads\/2023\/10\/1945_Teil_08_Cover-9x12.png 9w\" sizes=\"(max-width: 768px) 100vw, 768px\" \/><\/div>\n\t\t<\/a>\n\t\t\t\t<div class=\"elementor-post__text\">\n\t\t\t\t<h3 class=\"elementor-post__title\">\n\t\t\t<a href=\"https:\/\/www.nordkurier-mediengruppe.de\/en\/meldungen\/zeitzeugen-berichten-ueber-die-zeit-zwischen-krieg-und-frieden\/\">\n\t\t\t\tZeitzeugen berichten \u00fcber die Zeit \u201eZwischen Krieg und Frieden\u201c\t\t\t<\/a>\n\t\t<\/h3>\n\t\t\t\t<div class=\"elementor-post__meta-data\">\n\t\t\t\t\t<span class=\"elementor-post-date\">\n\t\t\t20. October 2023\t\t<\/span>\n\t\t\t\t<\/div>\n\t\t\t\t<div class=\"elementor-post__excerpt\">\n\t\t\t<p>Es ist kein Zufall, dass das Cover des Bandes eine Familie auf der Flucht im Jahr 1945 zeigt. Kamen Fl\u00fcchtlinge und Vertriebene in Deutschland an,<\/p>\n\t\t<\/div>\n\t\t\n\t\t<a class=\"elementor-post__read-more\" href=\"https:\/\/www.nordkurier-mediengruppe.de\/en\/meldungen\/zeitzeugen-berichten-ueber-die-zeit-zwischen-krieg-und-frieden\/\" aria-label=\"Read more about Zeitzeugen berichten \u00fcber die Zeit \u201eZwischen Krieg und Frieden\u201c\" tabindex=\"-1\">\n\t\t\tWeiterlesen \u00bb\t\t<\/a>\n\n\t\t\t\t<\/div>\n\t\t\t\t<\/article>\n\t\t\t\t<article class=\"elementor-post elementor-grid-item post-17831 meldungen type-meldungen status-publish has-post-thumbnail hentry\" role=\"listitem\">\n\t\t\t\t<a class=\"elementor-post__thumbnail__link\" href=\"https:\/\/www.nordkurier-mediengruppe.de\/en\/meldungen\/sv-gruppe-verstaerkt-bewegtbildengagement\/\" tabindex=\"-1\">\n\t\t\t<div class=\"elementor-post__thumbnail\"><img loading=\"lazy\" decoding=\"async\" width=\"768\" height=\"547\" src=\"https:\/\/www.nordkurier-mediengruppe.de\/wp-content\/uploads\/2023\/08\/Christiane-Unruh_Foto-privat-768x547.jpg\" class=\"attachment-medium_large size-medium_large wp-image-17832\" alt=\"\" srcset=\"https:\/\/www.nordkurier-mediengruppe.de\/wp-content\/uploads\/2023\/08\/Christiane-Unruh_Foto-privat-768x547.jpg 768w, https:\/\/www.nordkurier-mediengruppe.de\/wp-content\/uploads\/2023\/08\/Christiane-Unruh_Foto-privat-300x214.jpg 300w, https:\/\/www.nordkurier-mediengruppe.de\/wp-content\/uploads\/2023\/08\/Christiane-Unruh_Foto-privat-1024x730.jpg 1024w, https:\/\/www.nordkurier-mediengruppe.de\/wp-content\/uploads\/2023\/08\/Christiane-Unruh_Foto-privat-1536x1095.jpg 1536w, https:\/\/www.nordkurier-mediengruppe.de\/wp-content\/uploads\/2023\/08\/Christiane-Unruh_Foto-privat-2048x1460.jpg 2048w, https:\/\/www.nordkurier-mediengruppe.de\/wp-content\/uploads\/2023\/08\/Christiane-Unruh_Foto-privat-18x12.jpg 18w\" sizes=\"(max-width: 768px) 100vw, 768px\" \/><\/div>\n\t\t<\/a>\n\t\t\t\t<div class=\"elementor-post__text\">\n\t\t\t\t<h3 class=\"elementor-post__title\">\n\t\t\t<a href=\"https:\/\/www.nordkurier-mediengruppe.de\/en\/meldungen\/sv-gruppe-verstaerkt-bewegtbildengagement\/\">\n\t\t\t\tSV Gruppe verst\u00e4rkt Bewegtbildengagement\t\t\t<\/a>\n\t\t<\/h3>\n\t\t\t\t<div class=\"elementor-post__meta-data\">\n\t\t\t\t\t<span class=\"elementor-post-date\">\n\t\t\t31. August 2023\t\t<\/span>\n\t\t\t\t<\/div>\n\t\t\t\t<div class=\"elementor-post__excerpt\">\n\t\t\t<p>Die SV Gruppe \u2013 Schw\u00e4bischer Verlag GmbH &amp; Co. KG Drexler, Gessler \u2013 plant eine strategische Neuausrichtung ihres Bewegtbildbereichs und verst\u00e4rkt daher ab dem 1.<\/p>\n\t\t<\/div>\n\t\t\n\t\t<a class=\"elementor-post__read-more\" href=\"https:\/\/www.nordkurier-mediengruppe.de\/en\/meldungen\/sv-gruppe-verstaerkt-bewegtbildengagement\/\" aria-label=\"Read more about SV Gruppe verst\u00e4rkt Bewegtbildengagement\" tabindex=\"-1\">\n\t\t\tWeiterlesen \u00bb\t\t<\/a>\n\n\t\t\t\t<\/div>\n\t\t\t\t<\/article>\n\t\t\t\t<\/div>\n\t\t\n\t\t\t\t<div class=\"e-load-more-anchor\" data-page=\"1\" data-max-page=\"34\" data-next-page=\"https:\/\/www.nordkurier-mediengruppe.de\/en\/wp-json\/wp\/v2\/pages\/17992\/page\/2\/\"><\/div>\n\t\t\t\t<nav class=\"elementor-pagination\" aria-label=\"Pagination\">\n\t\t\t<span aria-current=\"page\" class=\"page-numbers current\"><span class=\"elementor-screen-only\">Page<\/span>1<\/span>\n<a class=\"page-numbers\" href=\"https:\/\/www.nordkurier-mediengruppe.de\/en\/wp-json\/wp\/v2\/pages\/17992\/page\/2\/\"><span class=\"elementor-screen-only\">Page<\/span>2<\/a>\n<a class=\"page-numbers\" href=\"https:\/\/www.nordkurier-mediengruppe.de\/en\/wp-json\/wp\/v2\/pages\/17992\/page\/3\/\"><span class=\"elementor-screen-only\">Page<\/span>3<\/a>\n<a class=\"page-numbers\" href=\"https:\/\/www.nordkurier-mediengruppe.de\/en\/wp-json\/wp\/v2\/pages\/17992\/page\/4\/\"><span class=\"elementor-screen-only\">Page<\/span>4<\/a>\n<a class=\"page-numbers\" href=\"https:\/\/www.nordkurier-mediengruppe.de\/en\/wp-json\/wp\/v2\/pages\/17992\/page\/5\/\"><span class=\"elementor-screen-only\">Page<\/span>5<\/a>\t\t<\/nav>\n\t\t\t\t\t\t<\/div>\n\t\t\t\t<\/div>\n\t\t\t\t\t<\/div>\n\t\t<\/div>\n\t\t\t\t\t<\/div>\n\t\t<\/section>\n\t\t\t\t<\/div>","protected":false},"excerpt":{"rendered":"<p>Nordkurier Mediengruppe in der SV Gruppe Aktuelles<\/p>","protected":false},"author":2,"featured_media":0,"parent":0,"menu_order":0,"comment_status":"closed","ping_status":"closed","template":"elementor_header_footer","meta":{"footnotes":""},"class_list":["post-17992","page","type-page","status-publish","hentry"],"_links":{"self":[{"href":"https:\/\/www.nordkurier-mediengruppe.de\/en\/wp-json\/wp\/v2\/pages\/17992","targetHints":{"allow":["GET"]}}],"collection":[{"href":"https:\/\/www.nordkurier-mediengruppe.de\/en\/wp-json\/wp\/v2\/pages"}],"about":[{"href":"https:\/\/www.nordkurier-mediengruppe.de\/en\/wp-json\/wp\/v2\/types\/page"}],"author":[{"embeddable":true,"href":"https:\/\/www.nordkurier-mediengruppe.de\/en\/wp-json\/wp\/v2\/users\/2"}],"replies":[{"embeddable":true,"href":"https:\/\/www.nordkurier-mediengruppe.de\/en\/wp-json\/wp\/v2\/comments?post=17992"}],"version-history":[{"count":5,"href":"https:\/\/www.nordkurier-mediengruppe.de\/en\/wp-json\/wp\/v2\/pages\/17992\/revisions"}],"predecessor-version":[{"id":18413,"href":"https:\/\/www.nordkurier-mediengruppe.de\/en\/wp-json\/wp\/v2\/pages\/17992\/revisions\/18413"}],"wp:attachment":[{"href":"https:\/\/www.nordkurier-mediengruppe.de\/en\/wp-json\/wp\/v2\/media?parent=17992"}],"curies":[{"name":"wp","href":"https:\/\/api.w.org\/{rel}","templated":true}]}}